{"id":21193,"date":"2024-05-22T07:48:50","date_gmt":"2024-05-22T05:48:50","guid":{"rendered":"https:\/\/www.netfest.org\/festivals\/tallinn-black-nights-film-festival\/"},"modified":"2026-04-17T13:16:52","modified_gmt":"2026-04-17T11:16:52","slug":"tallinn-black-nights-film-festival","status":"publish","type":"page","link":"https:\/\/www.netfest.org\/festivals\/es\/tallinn-black-nights-film-festival\/","title":{"rendered":"Tallinn Black Nights Film Festival"},"content":{"rendered":"<p>[vc_row][vc_column width=&#8221;2\/3&#8243;][vc_custom_heading text=&#8221;P\u00d6FF &#8211; Black Nights Film Festival&#8221; font_container=&#8221;tag:h2|font_size:70|text_align:left|color:%23000000&#8243; google_fonts=&#8221;font_family:Roboto%3A100%2C100italic%2C300%2C300italic%2Cregular%2Citalic%2C500%2C500italic%2C700%2C700italic%2C900%2C900italic|font_style:900%20bold%20regular%3A900%3Anormal&#8221;][\/vc_column][vc_column width=&#8221;1\/6&#8243;][vc_empty_space height=&#8221;35&#8243;][vc_btn title=&#8221;Participar&#8221; style=&#8221;custom&#8221; custom_background=&#8221;#db0369&#8243; custom_text=&#8221;#ffffff&#8221; shape=&#8221;square&#8221; link=&#8221;url:https%3A%2F%2Fwww.poff.ee%2Fen%2F|target:_blank|&#8221;][\/vc_column][\/vc_row][vc_row][vc_column width=&#8221;1\/12&#8243;][\/vc_column][vc_column width=&#8221;1\/3&#8243;][vc_custom_heading text=&#8221;6 | 22 noviembre 2026&#8243; font_container=&#8221;tag:h2|font_size:35|text_align:left|color:%23515151&#8243; google_fonts=&#8221;font_family:Roboto%3A100%2C100italic%2C300%2C300italic%2Cregular%2Citalic%2C500%2C500italic%2C700%2C700italic%2C900%2C900italic|font_style:700%20bold%20regular%3A700%3Anormal&#8221;][vc_empty_space height=&#8221;50&#8243;][\/vc_column][vc_column width=&#8221;1\/5&#8243;][vc_empty_space height=&#8221;20&#8243;][vc_gallery type=&#8221;image_grid&#8221; images=&#8221;20414&#8243; img_size=&#8221;268&#215;50&#8243; onclick=&#8221;&#8221;][vc_empty_space][vc_empty_space][\/vc_column][\/vc_row][vc_row][vc_column]<\/p>\n<p>[vc_empty_space]<\/p>\n<p>[\/vc_column][\/vc_row][vc_row][vc_column width=&#8221;1\/6&#8243;][\/vc_column][vc_column width=&#8221;2\/3&#8243;][vc_custom_heading text=&#8221;30<sup>a<\/sup> Edici\u00f3n&#8221; font_container=&#8221;tag:h2|font_size:120|text_align:left|color:%23e5e5e5&#8243; google_fonts=&#8221;font_family:Roboto%3A100%2C100italic%2C300%2C300italic%2Cregular%2Citalic%2C500%2C500italic%2C700%2C700italic%2C900%2C900italic|font_style:700%20bold%20regular%3A700%3Anormal&#8221;][vc_column_text css=&#8221;.vc_custom_1690124798285{margin-top: -50px !important;}&#8221;]<\/p>\n<p><span style=\"color: #000000; font-size: 26px;\" data-mce-style=\"color: #000000; font-size: 26px;\"><strong>Inaugurado en 1997, el Festival de Cine Tallinn Black Nights<\/strong><\/span><span style=\"color: #000000; font-size: 16px;\" data-mce-style=\"color: #000000; font-size: 16px;\"> se ha convertido en uno de los festivales de cine m\u00e1s grandes del norte de Europa y una de las plataformas de la industria m\u00e1s ocupadas de la regi\u00f3n, albergando a m\u00e1s de 1000 invitados y delegados de la industria y m\u00e1s de 160 periodistas. El festival proyecta alrededor de 250 largometrajes y m\u00e1s de 300 cortometrajes y animaciones, y<img loading=\"lazy\" decoding=\"async\" class=\" wp-image-12016 alignright\" src=\"https:\/\/www.netfest.org\/wp-content\/uploads\/tallin_black-300x129.jpg\" alt=\"\" width=\"812\" height=\"349\" data-mce-src=\"https:\/\/www.netfest.org\/wp-content\/uploads\/tallin_black-300x129.jpg\"> recibe la asistencia de 80,000 personas anualmente.<\/span><\/p>\n<p><span style=\"color: #000000; font-size: 16px;\" data-mce-style=\"color: #000000; font-size: 16px;\">A partir de 2014, el festival tiene la acreditaci\u00f3n FIAPF para celebrar un programa de competici\u00f3n internacional, lo que coloca al festival en la llamada categor\u00eda A de festivales de cine, junto con otros 14 festivales en el mundo.<br \/><strong>\u00danete a la Manada de Lobos<\/strong><\/span><\/p>\n<p><span style=\"color: #000000; font-size: 16px;\" data-mce-style=\"color: #000000; font-size: 16px;\">Un lobo de P\u00d6FF es un animal de manada que sabe que llegar\u00e1 m\u00e1s lejos trabajando junto con los dem\u00e1s. Sin ustedes, nuestro p\u00fablico y seguidores del cine, este festival de cine, que en gran medida se ensambl\u00f3 por puro entusiasmo en 1997, no ser\u00eda lo que es hoy. Cada a\u00f1o, P\u00d6FF se mantiene en constante movimiento gracias a una maravillosa colaboraci\u00f3n donde el p\u00fablico y las pel\u00edculas est\u00e1n conectados por voluntarios, m\u00e1s de 300 hasta la fecha. Juntos, en nuestra peque\u00f1a Estonia, hemos logrado llenar las noches negras de noviembre con auroras boreales \u00fanicas que se manifiestan como brillantes experiencias cinematogr\u00e1ficas en las pantallas de cine y atraen a cineastas de diferentes rincones del mundo para disfrutarlo todo con nosotros.<\/span><\/p>\n<p><span style=\"color: #000000; font-size: 16px;\" data-mce-style=\"color: #000000; font-size: 16px;\">Los lugares de encuentro de los lobos de P\u00d6FF en los cines estonios siguen siendo los mismos, pero las rutas son diferentes cada a\u00f1o. Adem\u00e1s de valent\u00eda y coraje, las condiciones previas para el crecimiento de P\u00d6FF incluyen la voluntad y el deseo de ver m\u00e1s all\u00e1 del horizonte para ampliar constantemente nuestra visi\u00f3n del mundo. Por lo tanto, el programa de P\u00d6FF siempre va m\u00e1s all\u00e1 de su zona de confort. Los lobos de P\u00d6FF no temen a los nuevos espacios culturales, las preguntas candentes y las emociones que nos hacen re\u00edr, nos asombran y nos conmueven con su autenticidad estimulante.<\/span><\/p>\n<p><span style=\"color: #000000; font-size: 16px;\" data-mce-style=\"color: #000000; font-size: 16px;\">El Festival de Cine Black Nights (en estonio como P\u00d6FF &#8211; Pimedate \u00d6\u00f6de Filmifestival) tiene como objetivo presentar una selecci\u00f3n integral de cine mundial a audiencias de Estonia, los pa\u00edses b\u00e1lticos y el norte de Europa.<\/span><\/p>\n<p><span style=\"color: #000000; font-size: 16px;\" data-mce-style=\"color: #000000; font-size: 16px;\">El festival es reconocido por la FIAPF (Federaci\u00f3n Internacional de Asociaciones de Productores Cinematogr\u00e1ficos) y desde 2014 est\u00e1 acreditado para organizar una competencia internacional de largometrajes no especializados junto con otros 15 festivales de cine de todo el mundo (incluidos Berl\u00edn, Cannes, Karlovy Vary, Mosc\u00fa, Venecia, San Sebasti\u00e1n, Varsovia, Tokio y otros).<\/span><\/p>\n<p><span style=\"color: #000000; font-size: 16px;\" data-mce-style=\"color: #000000; font-size: 16px;\">El Festival de Cine Black Nights tambi\u00e9n tiene secciones competitivas especializadas, secciones no competitivas, as\u00ed como subfestivales de pel\u00edculas para j\u00f3venes, cortometrajes y animaciones.<br \/>El festival es organizado por la organizaci\u00f3n sin fines de lucro MT\u00dc Pimedate \u00d6\u00f6de Filmifestival (en ingl\u00e9s, ONG Festival de Cine Black Nights).<\/span><\/p>\n<p><span style=\"color: #000000; font-size: 16px;\" data-mce-style=\"color: #000000; font-size: 16px;\">MT\u00dc Pimedate \u00d6\u00f6de Filmifestival (en ingl\u00e9s, ONG Festival de Cine Black Nights)<br \/>Telliskivi 60a\/2, 10412<br \/>Tallin, Estonia<br \/>Tel\u00e9fono: +372 56 208 308<br \/>Correo electr\u00f3nico: info@poff.ee<\/span><\/p>\n<p>[\/vc_column_text][vc_row_inner][vc_column_inner][vc_custom_heading text=&#8221;Black Nights Film Festival Programme Overview&#8221; font_container=&#8221;tag:h2|font_size:26|text_align:left|color:%23000000&#8243; google_fonts=&#8221;font_family:Roboto%3A100%2C100italic%2C300%2C300italic%2Cregular%2Citalic%2C500%2C500italic%2C700%2C700italic%2C900%2C900italic|font_style:700%20bold%20italic%3A700%3Aitalic&#8221;][\/vc_column_inner][\/vc_row_inner][vc_column_text]<span style=\"color: #000000; font-size: 16px;\"><img loading=\"lazy\" decoding=\"async\" class=\" wp-image-12018 alignleft\" src=\"https:\/\/www.netfest.org\/wp-content\/uploads\/tallin_pic-300x200.jpg\" alt=\"\" width=\"770\" height=\"513\" \/>El programa del Festival de Cine Black Nights incluye tres secciones competitivas y varias secciones no competitivas para largometrajes.<\/span><\/p>\n<p><span style=\"color: #000000; font-size: 22px;\"><strong>Official Selection \u2013 Competition<\/strong><\/span><span style=\"color: #000000; font-size: 16px;\"> \u00a0<\/span><\/p>\n<p><span style=\"color: #000000; font-size: 22px;\"><strong>Selecci\u00f3n Oficial \u2013 Competici\u00f3n<\/strong><\/span><span style=\"color: #000000; font-size: 16px;\"> \u00a0<\/span><\/p>\n<p><span style=\"color: #000000; font-size: 16px;\">La Selecci\u00f3n Oficial \u2013 Competici\u00f3n es una competencia internacional no especializada que presenta largometrajes (de 60 minutos en adelante) de todo el mundo completados despu\u00e9s del 15 de septiembre de 2022.<\/span><\/p>\n<p><span style=\"color: #000000; font-size: 16px;\">Se dar\u00e1 prioridad a las pel\u00edculas con un estreno mundial o internacional. El requisito m\u00ednimo de estreno es un Estreno Regional Europeo. Las pel\u00edculas europeas y las coproducciones presentadas en su pa\u00eds de origen permanecen elegibles.<\/span><\/p>\n<p><span style=\"color: #000000; font-size: 16px;\">El Festival no aceptar\u00e1 pel\u00edculas en la Selecci\u00f3n Oficial \u2013 Competici\u00f3n que hayan estado en competencia en otro festival acreditado por la FIAPF como un Festival de Cine Competitivo. El Festival se reserva el derecho de evaluar las pel\u00edculas elegibles para la competencia caso por caso.<\/span><\/p>\n<p><span style=\"color: #000000; font-size: 16px;\">Una pel\u00edcula en esta competici\u00f3n es elegible para un m\u00e1ximo de dos premios (incluido el Gran Premio) dentro de la competici\u00f3n. El Gran Premio y el premio al Mejor Director y la subvenci\u00f3n no pueden otorgarse a la misma pel\u00edcula.<\/span><\/p>\n<p><span style=\"color: #000000; font-size: 22px;\"><strong>First Feature Competition<\/strong><\/span><span style=\"color: #000000; font-size: 16;\"> \u00a0<\/span><\/p>\n<p><span style=\"color: #000000; font-size: 16px;\">Competencia de Primer Largometraje<\/span><span style=\"color: #000000; font-size: 16;\"> \u00a0<\/span><\/p>\n<p><span style=\"color: #000000; font-size: 16px;\">La Competencia de Primer Largometraje es una competencia internacional para pel\u00edculas debut. La competencia presenta largometrajes de debut (de 60 minutos en adelante, estatus de direcci\u00f3n de primer largometraje) de todo el mundo completados despu\u00e9s del 15 de septiembre de 2021.<\/span><\/p>\n<p><span style=\"color: #000000; font-size: 16px;\">Se dar\u00e1 prioridad a las pel\u00edculas con un estreno mundial o internacional. El requisito m\u00ednimo de estreno es un Estreno Regional Europeo. Las pel\u00edculas europeas y las coproducciones presentadas en su pa\u00eds de origen permanecen elegibles.<\/span><\/p>\n<p><span style=\"color: #000000; font-size: 16px;\">El Festival no aceptar\u00e1 pel\u00edculas en la Competencia de Primer Largometraje que hayan estado en competencia en otro festival acreditado por la FIAPF como un Festival de Cine Competitivo. El festival se reserva el derecho de evaluar las pel\u00edculas elegibles para la competencia caso por caso.<\/span><\/p>\n<p><span style=\"color: #000000; font-size: 22px;\"><strong><strong>B<\/strong><strong>alticCompetencia de Cine B\u00e1ltico<\/strong><\/strong><\/span><span style=\"color: #000000; font-size: 16px;\"> (19 al 25 de noviembre de 2022)<\/span><\/p>\n<p><span style=\"color: #000000; font-size: 16px;\">La Competencia de Cine B\u00e1ltico presenta largometrajes (documentales y animaciones incluidos) de Estonia, Letonia, Lituania o con una participaci\u00f3n significativa de uno de estos pa\u00edses completados despu\u00e9s del 15 de septiembre de 2021.<\/span><\/p>\n<p><span style=\"color: #000000; font-size: 16px;\">Se dar\u00e1 prioridad a las pel\u00edculas con un estreno mundial o internacional, pero tambi\u00e9n son elegibles las pel\u00edculas que hayan estrenado previamente en Estonia. La participaci\u00f3n de la pel\u00edcula en cualquier otra competici\u00f3n del Festival no excluye la elegibilidad para la Competencia de Cine B\u00e1ltico. El festival se reserva el derecho de evaluar las pel\u00edculas elegibles para la competencia caso por caso.<\/span><\/p>\n<p><span style=\"color: #000000; font-size: 22px;\"><strong><strong>Competencia Rebeldes con Causa <\/strong><\/strong><\/span><\/p>\n<p><span style=\"color: #000000; font-size: 16px;\">El programa de la Competencia Rebeldes con Causa muestra los medios no tradicionales de expresi\u00f3n cinematogr\u00e1fica, as\u00ed como una narrativa o dramaturgia innovadora, simbiosis con otras formas de arte y nuevos enfoques en soluciones t\u00e9cnicas o en est\u00e9tica. La Competencia incorpora tanto una secci\u00f3n de largometrajes como una de cortometrajes. Las pel\u00edculas deben completarse despu\u00e9s del 15 de septiembre de 2021. El requisito m\u00ednimo de estreno es un Estreno Europeo<br \/>\n<span style=\"color: #000000; font-size: 16px;\">Se dar\u00e1 prioridad a las pel\u00edculas con estrenos mundiales, internacionales o europeos. El festival se reserva el derecho de evaluar las pel\u00edculas elegibles para la competencia caso por caso..<img loading=\"lazy\" decoding=\"async\" class=\" wp-image-12020 aligncenter\" src=\"https:\/\/www.netfest.org\/wp-content\/uploads\/poff-300x169.jpg\" alt=\"\" width=\"1020\" height=\"574\" \/><\/span><\/span><\/p>\n<p><span style=\"color: #000000; font-size: 24px;\"><strong>Non-competitive programme<\/strong><\/span><\/p>\n<p><span style=\"color: #000000; font-size: 24px;\"><strong>Programa no competitivo<\/strong><\/span><\/p>\n<p><span style=\"color: #000000; font-size: 16px;\">Las pel\u00edculas presentadas para el programa no competitivo, o no seleccionadas para competiciones, pueden ser invitadas a otras secciones con el requisito m\u00ednimo de su estreno en Estonia. No hay restricci\u00f3n geogr\u00e1fica para las pel\u00edculas en las secciones no competitivas. Las pel\u00edculas deben completarse despu\u00e9s del 15 de septiembre de 2022.<\/span><\/p>\n<p><span style=\"color: #000000; font-size: 16px;\">Los programas no competitivos son los siguientes.<\/span><\/p>\n<p><strong><span style=\"color: #000000; font-size: 18px;\">Corrientes Actuales<\/span><\/strong><\/p>\n<p><span style=\"color: #000000; font-size: 16px;\">El programa ofrece una vista panor\u00e1mica de las tendencias y corrientes del cine mundial, incluida una selecci\u00f3n de favoritos del festival y pel\u00edculas frescas que han llamado la atenci\u00f3n del equipo de programaci\u00f3n del festival.<\/span><\/p>\n<p><span style=\"color: #000000; font-size: 18px;\"><strong>#P\u00d6FFTRENDING<\/strong><\/span><\/p>\n<p><span style=\"color: #000000; font-size: 16px;\">La alta costura de los documentales culturales y caracter\u00edsticas, explorando temas como arte, moda, cultura urbana, etc., ofreciendo una perspectiva fresca sobre los fen\u00f3menos y tendencias culturales contempor\u00e1neos.<\/span><\/p>\n<p><span style=\"color: #000000; font-size: 18px;\"><strong>Doc@P\u00d6FF<\/strong><\/span><\/p>\n<p><span style=\"color: #000000; font-size: 16px;\">Una selecci\u00f3n de los \u00faltimos puntos destacados documentales, independientemente de su origen geogr\u00e1fico o temas.<\/span><\/p>\n<p>&nbsp;<\/p>\n<p>&nbsp;[\/vc_column_text][vc_empty_space height=&#8221;50&#8243;][vc_custom_heading text=&#8221;Premios y Reconocimientos&#8221; font_container=&#8221;tag:h2|font_size:38|text_align:left|color:%23000000&#8243; google_fonts=&#8221;font_family:Roboto%3A100%2C100italic%2C300%2C300italic%2Cregular%2Citalic%2C500%2C500italic%2C700%2C700italic%2C900%2C900italic|font_style:700%20bold%20regular%3A700%3Anormal&#8221;][vc_row_inner][vc_column_inner width=&#8221;2\/3&#8243;][vc_single_image image=&#8221;12023&#8243; img_size=&#8221;large&#8221;][vc_column_text]<span style=\"color: #000000; font-size: 16px;\"><strong>Selecci\u00f3n Oficial \u2013 Competencia<\/strong><br \/>\nGran Premio a la Mejor Pel\u00edcula (Subvenci\u00f3n de 10,000 Euros, compartida por el Director y el Productor)<br \/>\nMejor Director (Subvenci\u00f3n de 5000 Euros)<br \/>\nMejor Cinematograf\u00eda (Subvenci\u00f3n de 1000 Euros)<br \/>\nMejor Guion<br \/>\nMejor Actor<br \/>\nMejor Actriz<br \/>\nMejor Banda Sonora Original<br \/>\nMejor Dise\u00f1o de Producci\u00f3n<\/span><\/p>\n<p><span style=\"color: #000000; font-size: 16px;\"><strong>Competencia de \u00d3peras Primas:<\/strong><br \/>\n\u2022 Premio a la Mejor \u00d3pera Prima (Subvenci\u00f3n de 5000 Euros, compartida por el Director y el Productor)<br \/>\n\u2022 Dos Premios Especiales del Jurado<br \/>\n\u2022 Una pel\u00edcula en esta competencia es elegible para un premio dentro de la competencia<\/span><\/p>\n<p><span style=\"color: #000000; font-size: 16px;\"><strong>Competencia Rebeldes con Causa:<\/strong><br \/>\n\u2022 Premio a la Mejor Pel\u00edcula (premio para el Director)<br \/>\n\u2022 Premio al Mejor Cortometraje (premio para el Director)<\/span><\/p>\n<p><span style=\"color: #000000; font-size: 16px;\"><strong>Competencia de Cine B\u00e1ltico:<\/strong><br \/>\n\u2022 Premio a la Mejor Pel\u00edcula de Largometraje B\u00e1ltica (Subvenci\u00f3n de 3200 Euros compartida por el Director y el Productor)<\/span><\/p>\n<p><span style=\"color: #000000; font-size: 16px;\"><strong>Premios adicionales presentados:<\/strong><br \/>\nPremio a la Trayectoria<br \/>\nPremio del P\u00fablico (Subvenci\u00f3n de 2000 Euros, premio para el Director) * El premio puede ser presentado para una pel\u00edcula del festival principal y\/o del programa del Festival Just Film<br \/>\nPremio de la Red para la Promoci\u00f3n del Cine Asi\u00e1tico (NETPAC)<br \/>\nPremio de la Federaci\u00f3n Internacional de Cr\u00edticos de Cine (FIPRESCI)<br \/>\nPremio Cruz de Religiones presentado por los l\u00edderes espirituales de las congregaciones m\u00e1s grandes en Estonia<br \/>\nBeca Bruni O&#8217;Ya para Talento Estonio Reconocido Internacionalmente (con una beca de 1000\u20ac)<\/span>[\/vc_column_text][\/vc_column_inner][vc_column_inner width=&#8221;1\/3&#8243;][vc_empty_space height=&#8221;50&#8243;][vc_empty_space height=&#8221;50&#8243;][vc_empty_space height=&#8221;50&#8243;][vc_empty_space height=&#8221;50&#8243;][vc_empty_space height=&#8221;50&#8243;][vc_empty_space height=&#8221;50&#8243;][vc_empty_space height=&#8221;50&#8243;][vc_empty_space height=&#8221;50&#8243;][vc_empty_space height=&#8221;50&#8243;][vc_empty_space height=&#8221;50&#8243;][vc_empty_space height=&#8221;50&#8243;][vc_empty_space height=&#8221;50&#8243;][vc_empty_space height=&#8221;50&#8243;][vc_empty_space height=&#8221;50&#8243;][vc_btn title=&#8221;Ver m\u00e1s&#8221; style=&#8221;custom&#8221; custom_background=&#8221;#6b6b6b&#8221; custom_text=&#8221;#f7f7f7&#8243; shape=&#8221;square&#8221; align=&#8221;center&#8221; link=&#8221;url:https%3A%2F%2Fwww.poff.ee%2Fen%2Fabout%2Fregulations%2F|target:_blank|&#8221; css=&#8221;.vc_custom_1620055287480{margin-top: -100px !important;}&#8221;][\/vc_column_inner][\/vc_row_inner][\/vc_column][vc_column width=&#8221;1\/6&#8243;][\/vc_column][\/vc_row][vc_row][vc_column][vc_empty_space][vc_separator border_width=&#8221;2&#8243;][vc_empty_space][\/vc_column][\/vc_row][vc_row][vc_column width=&#8221;1\/12&#8243;][\/vc_column][vc_column width=&#8221;1\/3&#8243;][vc_custom_heading text=&#8221;Otros Festivales&#8221; font_container=&#8221;tag:h2|font_size:38|text_align:left|color:%23000000&#8243; google_fonts=&#8221;font_family:Roboto%3A100%2C100italic%2C300%2C300italic%2Cregular%2Citalic%2C500%2C500italic%2C700%2C700italic%2C900%2C900italic|font_style:500%20bold%20regular%3A500%3Anormal&#8221;][\/vc_column][vc_column width=&#8221;1\/3&#8243;][\/vc_column][vc_column width=&#8221;1\/6&#8243;][\/vc_column][\/vc_row][vc_row][vc_column][vc_empty_space]                        <div class=\" \">\n                <div class=\"images-gallery-shortcode-wrapper slick \">\n    <div class=\"images-list\">\n                <div class=\"image-item image-col-5\">\n            <div class=\"slide-item\">\n                            <a href=\"https:\/\/www.netfest.org\/festivals\/karlovy\/\" target=\"_self\">\n                            <img decoding=\"async\" src=\"https:\/\/www.netfest.org\/festivals\/wp-content\/uploads\/sites\/3\/2021\/11\/karlovy_short.jpg\" alt=\"Karlovy Vary International Film Festival\">\n                            <\/a>\n                        <\/div>\n        <\/div>\n                <div class=\"image-item image-col-5\">\n            <div class=\"slide-item\">\n                            <a href=\"https:\/\/www.netfest.org\/festivals\/ldo\/\" target=\"_self\">\n                            <img decoding=\"async\" src=\"https:\/\/www.netfest.org\/festivals\/wp-content\/uploads\/sites\/3\/2021\/11\/LDO_short.jpg\" alt=\"Linea d'Ombra Festival\">\n                            <\/a>\n                        <\/div>\n        <\/div>\n                <div class=\"image-item image-col-5\">\n            <div class=\"slide-item\">\n                            <a href=\"https:\/\/www.netfest.org\/festivals\/berlinale\/\" target=\"_self\">\n                            <img decoding=\"async\" src=\"https:\/\/www.netfest.org\/festivals\/wp-content\/uploads\/sites\/3\/2022\/07\/berlinale_2022.jpg\" alt=\"Berlinale\">\n                            <\/a>\n                        <\/div>\n        <\/div>\n                <div class=\"image-item image-col-5\">\n            <div class=\"slide-item\">\n                            <a href=\"https:\/\/www.netfest.org\/festivals\/animest\/\" target=\"_self\">\n                            <img decoding=\"async\" src=\"https:\/\/www.netfest.org\/festivals\/wp-content\/uploads\/sites\/3\/2021\/11\/animest_short.jpg\" alt=\"Animfest\">\n                            <\/a>\n                        <\/div>\n        <\/div>\n                <div class=\"image-item image-col-5\">\n            <div class=\"slide-item\">\n                            <a href=\"https:\/\/www.netfest.org\/festivals\/tiff-toronto-international-film-festival\/\" target=\"_self\">\n                            <img decoding=\"async\" src=\"https:\/\/www.netfest.org\/festivals\/wp-content\/uploads\/sites\/3\/2021\/11\/tiff_short.jpg\" alt=\"TIFF\">\n                            <\/a>\n                        <\/div>\n        <\/div>\n                <div class=\"image-item image-col-5\">\n            <div class=\"slide-item\">\n                            <a href=\"https:\/\/www.netfest.org\/festivals\/locarno\/\" target=\"_self\">\n                            <img decoding=\"async\" src=\"https:\/\/www.netfest.org\/festivals\/wp-content\/uploads\/sites\/3\/2023\/07\/locarno_scorrevole.jpg\" alt=\"Locarno Film Festival\">\n                            <\/a>\n                        <\/div>\n        <\/div>\n                <div class=\"image-item image-col-5\">\n            <div class=\"slide-item\">\n                            <a href=\"https:\/\/www.netfest.org\/festivals\/venice\/\" target=\"_self\">\n                            <img decoding=\"async\" src=\"https:\/\/www.netfest.org\/festivals\/wp-content\/uploads\/sites\/3\/2022\/07\/venice_2022.jpg\" alt=\"Venice International Film Festival\">\n                            <\/a>\n                        <\/div>\n        <\/div>\n                <div class=\"image-item image-col-5\">\n            <div class=\"slide-item\">\n                            <a href=\"https:\/\/www.netfest.org\/festivals\/film-fest-gent\/\" target=\"_self\">\n                            <img decoding=\"async\" src=\"https:\/\/www.netfest.org\/festivals\/wp-content\/uploads\/sites\/3\/2021\/11\/gent_short.jpg\" alt=\"Film Fest Gent \">\n                            <\/a>\n                        <\/div>\n        <\/div>\n                <div class=\"image-item image-col-5\">\n            <div class=\"slide-item\">\n                            <a href=\"https:\/\/www.netfest.org\/festivals\/beijing-iff\/\" target=\"_self\">\n                            <img decoding=\"async\" src=\"https:\/\/www.netfest.org\/festivals\/wp-content\/uploads\/sites\/3\/2021\/11\/shanghai_short.jpg\" alt=\"Beijing International Film Festival\">\n                            <\/a>\n                        <\/div>\n        <\/div>\n                <div class=\"image-item image-col-5\">\n            <div class=\"slide-item\">\n                            <a href=\"https:\/\/www.netfest.org\/festivals\/guadalajara\/\" target=\"_self\">\n                            <img decoding=\"async\" src=\"https:\/\/www.netfest.org\/festivals\/wp-content\/uploads\/sites\/3\/2023\/07\/guada_23_roll.jpg\" alt=\" Guadalajara Film Festival\">\n                            <\/a>\n                        <\/div>\n        <\/div>\n            <\/div>\n<\/div>            <\/div>\n                    [vc_empty_space][vc_empty_space][vc_empty_space][vc_empty_space][vc_empty_space][\/vc_column][\/vc_row]<\/p>\n","protected":false},"excerpt":{"rendered":"<p>[vc_row][vc_column width=&#8221;2\/3&#8243;][vc_custom_heading text=&#8221;P\u00d6FF &#8211; Black Nights Film Festival&#8221; font_container=&#8221;tag:h2|font_size:70|text_align:left|color:%23000000&#8243; google_fonts=&#8221;font_family:Roboto%3A100%2C100italic%2C300%2C300italic%2Cregular%2Citalic%2C500%2C500italic%2C700%2C700italic%2C900%2C900italic|font_style:900%20bold%20regular%3A900%3Anormal&#8221;][\/vc_column][vc_column width=&#8221;1\/6&#8243;][vc_empty_space height=&#8221;35&#8243;][vc_btn title=&#8221;Participar&#8221; style=&#8221;custom&#8221; custom_background=&#8221;#db0369&#8243; custom_text=&#8221;#ffffff&#8221; shape=&#8221;square&#8221; link=&#8221;url:https%3A%2F%2Fwww.poff.ee%2Fen%2F|target:_blank|&#8221;][\/vc_column][\/vc_row][vc_row][vc_column width=&#8221;1\/12&#8243;][\/vc_column][vc_column width=&#8221;1\/3&#8243;][vc_custom_heading text=&#8221;6 | 22 noviembre 2026&#8243; font_container=&#8221;tag:h2|font_size:35|text_align:left|color:%23515151&#8243; google_fonts=&#8221;font_family:Roboto%3A100%2C100italic%2C300%2C300italic%2Cregular%2Citalic%2C500%2C500italic%2C700%2C700italic%2C900%2C900italic|font_style:700%20bold%20regular%3A700%3Anormal&#8221;][vc_empty_space height=&#8221;50&#8243;][\/vc_column][vc_column width=&#8221;1\/5&#8243;][vc_empty_space height=&#8221;20&#8243;][vc_gallery type=&#8221;image_grid&#8221; images=&#8221;20414&#8243; img_size=&#8221;268&#215;50&#8243; onclick=&#8221;&#8221;][vc_empty_space][vc_empty_space][\/vc_column][\/vc_row][vc_row][vc_column] [vc_empty_space] [\/vc_column][\/vc_row][vc_row][vc_column width=&#8221;1\/6&#8243;][\/vc_column][vc_column width=&#8221;2\/3&#8243;][vc_custom_heading text=&#8221;30a Edici\u00f3n&#8221; font_container=&#8221;tag:h2|font_size:120|text_align:left|color:%23e5e5e5&#8243; google_fonts=&#8221;font_family:Roboto%3A100%2C100italic%2C300%2C300italic%2Cregular%2Citalic%2C500%2C500italic%2C700%2C700italic%2C900%2C900italic|font_style:700%20bold%20regular%3A700%3Anormal&#8221;][vc_column_text css=&#8221;.vc_custom_1690124798285{margin-top: -50px !important;}&#8221;] Inaugurado en 1997, el Festival de Cine Tallinn Black Nights [&hellip;]<\/p>\n","protected":false},"author":1,"featured_media":0,"parent":0,"menu_order":0,"comment_status":"closed","ping_status":"closed","template":"","meta":{"footnotes":""},"class_list":["post-21193","page","type-page","status-publish","hentry","clearfix"],"_links":{"self":[{"href":"https:\/\/www.netfest.org\/festivals\/es\/wp-json\/wp\/v2\/pages\/21193","targetHints":{"allow":["GET"]}}],"collection":[{"href":"https:\/\/www.netfest.org\/festivals\/es\/wp-json\/wp\/v2\/pages"}],"about":[{"href":"https:\/\/www.netfest.org\/festivals\/es\/wp-json\/wp\/v2\/types\/page"}],"author":[{"embeddable":true,"href":"https:\/\/www.netfest.org\/festivals\/es\/wp-json\/wp\/v2\/users\/1"}],"replies":[{"embeddable":true,"href":"https:\/\/www.netfest.org\/festivals\/es\/wp-json\/wp\/v2\/comments?post=21193"}],"version-history":[{"count":8,"href":"https:\/\/www.netfest.org\/festivals\/es\/wp-json\/wp\/v2\/pages\/21193\/revisions"}],"predecessor-version":[{"id":22660,"href":"https:\/\/www.netfest.org\/festivals\/es\/wp-json\/wp\/v2\/pages\/21193\/revisions\/22660"}],"wp:attachment":[{"href":"https:\/\/www.netfest.org\/festivals\/es\/wp-json\/wp\/v2\/media?parent=21193"}],"curies":[{"name":"wp","href":"https:\/\/api.w.org\/{rel}","templated":true}]}}